{"id":43,"date":"2020-08-25T19:45:50","date_gmt":"2020-08-25T19:45:50","guid":{"rendered":"http:\/\/tagderclubkultur.berlin\/?page_id=43"},"modified":"2022-07-25T14:08:49","modified_gmt":"2022-07-25T14:08:49","slug":"teilnahme","status":"publish","type":"page","link":"https:\/\/2022.tagderclubkultur.berlin\/en\/teilnahme\/","title":{"rendered":"Conditions of Participation"},"content":{"rendered":"","protected":false},"excerpt":{"rendered":"","protected":false},"author":1,"featured_media":0,"parent":0,"menu_order":15,"comment_status":"closed","ping_status":"closed","template":"","meta":{"inline_featured_image":false},"class_list":["post-43","page","type-page","status-publish","hentry"],"yoast_head":"<!-- This site is optimized with the Yoast SEO plugin v27.4 - https:\/\/yoast.com\/product\/yoast-seo-wordpress\/ -->\n<title>Teilnahmebedingungen - TAG DER CLUBKULTUR<\/title>\n<meta name=\"robots\" content=\"index, follow, max-snippet:-1, max-image-preview:large, max-video-preview:-1\" \/>\n<link rel=\"canonical\" href=\"https:\/\/2022.tagderclubkultur.berlin\/en\/teilnahme\/\" \/>\n<meta property=\"og:locale\" content=\"de_DE\" \/>\n<meta property=\"og:type\" content=\"article\" \/>\n<meta property=\"og:title\" content=\"Teilnahmebedingungen - TAG DER CLUBKULTUR\" \/>\n<meta property=\"og:url\" content=\"https:\/\/2022.tagderclubkultur.berlin\/en\/teilnahme\/\" \/>\n<meta property=\"og:site_name\" content=\"TAG DER CLUBKULTUR\" \/>\n<meta property=\"article:modified_time\" content=\"2022-07-25T14:08:49+00:00\" \/>\n<meta name=\"twitter:card\" content=\"summary_large_image\" \/>\n<script type=\"application\/ld+json\" class=\"yoast-schema-graph\">{\"@context\":\"https:\\\/\\\/schema.org\",\"@graph\":[{\"@type\":\"WebPage\",\"@id\":\"https:\\\/\\\/2022.tagderclubkultur.berlin\\\/en\\\/teilnahme\\\/\",\"url\":\"https:\\\/\\\/2022.tagderclubkultur.berlin\\\/en\\\/teilnahme\\\/\",\"name\":\"Teilnahmebedingungen - TAG DER CLUBKULTUR\",\"isPartOf\":{\"@id\":\"https:\\\/\\\/2022.tagderclubkultur.berlin\\\/#website\"},\"datePublished\":\"2020-08-25T19:45:50+00:00\",\"dateModified\":\"2022-07-25T14:08:49+00:00\",\"breadcrumb\":{\"@id\":\"https:\\\/\\\/2022.tagderclubkultur.berlin\\\/en\\\/teilnahme\\\/#breadcrumb\"},\"inLanguage\":\"de\",\"potentialAction\":[{\"@type\":\"ReadAction\",\"target\":[\"https:\\\/\\\/2022.tagderclubkultur.berlin\\\/en\\\/teilnahme\\\/\"]}]},{\"@type\":\"BreadcrumbList\",\"@id\":\"https:\\\/\\\/2022.tagderclubkultur.berlin\\\/en\\\/teilnahme\\\/#breadcrumb\",\"itemListElement\":[{\"@type\":\"ListItem\",\"position\":1,\"name\":\"Home\",\"item\":\"https:\\\/\\\/2022.tagderclubkultur.berlin\\\/\"},{\"@type\":\"ListItem\",\"position\":2,\"name\":\"Teilnahmebedingungen\"}]},{\"@type\":\"WebSite\",\"@id\":\"https:\\\/\\\/2022.tagderclubkultur.berlin\\\/#website\",\"url\":\"https:\\\/\\\/2022.tagderclubkultur.berlin\\\/\",\"name\":\"TAG DER CLUBKULTUR\",\"description\":\"\",\"potentialAction\":[{\"@type\":\"SearchAction\",\"target\":{\"@type\":\"EntryPoint\",\"urlTemplate\":\"https:\\\/\\\/2022.tagderclubkultur.berlin\\\/?s={search_term_string}\"},\"query-input\":{\"@type\":\"PropertyValueSpecification\",\"valueRequired\":true,\"valueName\":\"search_term_string\"}}],\"inLanguage\":\"de\"}]}<\/script>\n<!-- \/ Yoast SEO plugin. -->","yoast_head_json":{"title":"Teilnahmebedingungen - TAG DER CLUBKULTUR","robots":{"index":"index","follow":"follow","max-snippet":"max-snippet:-1","max-image-preview":"max-image-preview:large","max-video-preview":"max-video-preview:-1"},"canonical":"https:\/\/2022.tagderclubkultur.berlin\/en\/teilnahme\/","og_locale":"de_DE","og_type":"article","og_title":"Teilnahmebedingungen - TAG DER CLUBKULTUR","og_url":"https:\/\/2022.tagderclubkultur.berlin\/en\/teilnahme\/","og_site_name":"TAG DER CLUBKULTUR","article_modified_time":"2022-07-25T14:08:49+00:00","twitter_card":"summary_large_image","schema":{"@context":"https:\/\/schema.org","@graph":[{"@type":"WebPage","@id":"https:\/\/2022.tagderclubkultur.berlin\/en\/teilnahme\/","url":"https:\/\/2022.tagderclubkultur.berlin\/en\/teilnahme\/","name":"Teilnahmebedingungen - TAG DER CLUBKULTUR","isPartOf":{"@id":"https:\/\/2022.tagderclubkultur.berlin\/#website"},"datePublished":"2020-08-25T19:45:50+00:00","dateModified":"2022-07-25T14:08:49+00:00","breadcrumb":{"@id":"https:\/\/2022.tagderclubkultur.berlin\/en\/teilnahme\/#breadcrumb"},"inLanguage":"de","potentialAction":[{"@type":"ReadAction","target":["https:\/\/2022.tagderclubkultur.berlin\/en\/teilnahme\/"]}]},{"@type":"BreadcrumbList","@id":"https:\/\/2022.tagderclubkultur.berlin\/en\/teilnahme\/#breadcrumb","itemListElement":[{"@type":"ListItem","position":1,"name":"Home","item":"https:\/\/2022.tagderclubkultur.berlin\/"},{"@type":"ListItem","position":2,"name":"Teilnahmebedingungen"}]},{"@type":"WebSite","@id":"https:\/\/2022.tagderclubkultur.berlin\/#website","url":"https:\/\/2022.tagderclubkultur.berlin\/","name":"TAG DER CLUBKULTUR","description":"","potentialAction":[{"@type":"SearchAction","target":{"@type":"EntryPoint","urlTemplate":"https:\/\/2022.tagderclubkultur.berlin\/?s={search_term_string}"},"query-input":{"@type":"PropertyValueSpecification","valueRequired":true,"valueName":"search_term_string"}}],"inLanguage":"de"}]}},"grid":"{\r\n  \"colCount\": 10,\r\n  \"colGutter\": 1,\r\n  \"rowGutters\": [\r\n    5\r\n  ],\r\n  \"frameMargin\": 1,\r\n  \"topFrameMargin\": 200,\r\n  \"bottomFrameMargin\": 5,\r\n  \"rowAttrs\": [\r\n    {},\r\n    {}\r\n  ],\r\n  \"bgColor\": null,\r\n  \"cont\": [\r\n    {\r\n      \"type\": \"text\",\r\n      \"cont\": \"<p class=\\\"_BIG\\\">Teilnahmebedingungen<\/p>\",\r\n      \"align\": \"top\",\r\n      \"row\": 0,\r\n      \"col\": 0,\r\n      \"colspan\": 10,\r\n      \"offsetx\": 0,\r\n      \"offsety\": 0,\r\n      \"spaceabove\": 0,\r\n      \"spacebelow\": 0,\r\n      \"yvel\": 1,\r\n      \"push\": 0,\r\n      \"relid\": 4,\r\n      \"frameOverflow\": \"\"\r\n    },\r\n    {\r\n      \"type\": \"text\",\r\n      \"cont\": \"<p class=\\\"_Default\\\">Aufruf zur Teilnahme<\/p><p class=\\\"_Mono\\\">Ihr seid ein Club oder clubkulturelles Kollektiv mit Schaffensmittelpunkt in Berlin. Eure Organisationsform ist transparent und nachvollziehbar. Euer Engagement f\u00fcr die Berliner Clubkultur verdient eine Auszeichnung. Der TAG DER CLUBKULTUR bietet euch Gelegenheit auf 10.000 Euro Preisgeld und Anerkennung f\u00fcr eure wichtige Arbeit der in der gesamten Berliner Clubkultur.<\/p><p class=\\\"_Mono\\\">\u00a0<\/p><p class=\\\"_Default\\\">Auswahlprozess\u00a0<\/p><p class=\\\"_Mono\\\"><span style=\\\"font-weight: 400;\\\">Im Zeitraum vom<\/span> 1. August bis zum 15. August 2022<span style=\\\"font-weight: 400;\\\"> k\u00f6nnen sich <\/span>Berliner Clubs und Kollektive<span style=\\\"font-weight: 400;\\\"> f\u00fcr eine der 40 Auszeichnungen in H\u00f6he von 10.000 Euro bewerben. F\u00fcr die Teilnahme ist die fristgerechte und vollst\u00e4ndige Einreichung aller notwendigen Bewerbungsunterlagen ma\u00dfgeblich. Die Einsendungen werden erfasst und nach Ablauf der Bewerbungsfrist dem unabh\u00e4ngigen Kuratorium vorgelegt. Die Bekanntgabe der 40 Preistr\u00e4ger:innen und die Preisverleihung finden im September statt.\u00a0<\/span><\/p><p>\u00a0<\/p><p class=\\\"_Default\\\">Bewerbungszeitraum<\/p><p class=\\\"_Mono\\\">Bewerbungen sind vom 1. August bis zum 15. August 2022 online \u00fcber das Bewerbungsformular unter www.tagderclubkultur.berlin m\u00f6glich.<br \/>Bewerbungsschluss ist der 15. August 2022, 24:00 Uhr.<\/p><p class=\\\"_Mono\\\">\u00a0<\/p><p class=\\\"_Default\\\">Kuratorium<\/p><p class=\\\"_Mono\\\"><span style=\\\"font-weight: 400;\\\">Das Kuratorium setzt sich aus f\u00fcnf Personen zusammen. Sie bringen verschiedene Perspektiven auf die diverse Berliner Clubszene mit und haben unterschiedliche Professionen und Erfahrungshorizonte. Das Kuratorium arbeitet unabh\u00e4ngig. Es bewertet die Einreichungen und zeichnet bis zu vierzig qualifizierte Clubs und Kollektive auf Grundlage ihrer bisher geleisteten Arbeit mit jeweils 10.000 Euro aus. <br \/>Die diesj\u00e4hrigen Kurator:innen sind Christine Kakaire, Prince Emrah, Lilia van Beukering, Nico Adomako und die f\u00fcnfte Person wird in K\u00fcrze ver\u00f6ffentlicht.<br \/><\/span><\/p><p class=\\\"_Mono\\\">\u00a0<\/p><p class=\\\"_Default\\\">Formale F\u00f6rderkriterien<\/p><p class=\\\"_Mono\\\"><span style=\\\"font-weight: 400;\\\">Es werden nur Einreichungen zugelassen, die folgenden Kriterien entsprechen:<\/span><\/p><ul><li style=\\\"font-weight: 400;\\\" aria-level=\\\"1\\\"><p class=\\\"_Mono\\\"><span style=\\\"font-weight: 400;\\\">Schaffensmittelpunkt in Berlin<\/span><\/p><\/li><li style=\\\"font-weight: 400;\\\" aria-level=\\\"1\\\"><p class=\\\"_Mono\\\"><span style=\\\"font-weight: 400;\\\">Transparente und nachvollziehbare Darstellung der Organisationsform<\/span><\/p><\/li><li style=\\\"font-weight: 400;\\\" aria-level=\\\"1\\\"><p class=\\\"_Mono\\\"><span style=\\\"font-weight: 400;\\\">Bereitschaft, Teil der Kommunikation und Dokumentation rund um den TAG DER CLUBKULTUR im Falle einer Auszeichnung zu sein<\/span><\/p><\/li><li style=\\\"font-weight: 400;\\\" aria-level=\\\"1\\\"><p class=\\\"_Mono\\\"><span style=\\\"font-weight: 400;\\\">Bestehen seit mindestens einem Jahr<\/span><\/p><\/li><\/ul><p class=\\\"_Mono\\\">\u00a0<\/p><p class=\\\"_Default\\\">Inhaltliche F\u00f6rderkriterien<\/p><p class=\\\"_Mono\\\"><span style=\\\"font-weight: 400;\\\">Das Kuratorium bewertet die Einreichungen anhand folgender Kriterien:<\/span><\/p><ul><li style=\\\"font-weight: 400;\\\" aria-level=\\\"1\\\"><p class=\\\"_Mono\\\"><span style=\\\"font-weight: 400;\\\"><span style=\\\"text-decoration: underline;\\\">K\u00fcnstlerisches \/ programmatisches Profil<\/span> (z.B. Innovation, Nachwuchsf\u00f6rderung, Diversit\u00e4t \u2026)<\/span><\/p><\/li><li style=\\\"font-weight: 400;\\\" aria-level=\\\"1\\\"><p class=\\\"_Mono\\\"><span style=\\\"font-weight: 400;\\\"><span style=\\\"text-decoration: underline;\\\">Etabliertheit in der Szene \/ Bedeutung f\u00fcr die Berliner Clubkultur<\/span> (z.B. Ankerstrukturen f\u00fcr die Szene, \u00f6kologische, \u00f6konomische und soziale Nachhaltigkeit, Diversit\u00e4t und Inklusion, Awareness und Antidiskriminierung, Community-Building, Solidarit\u00e4t mit anderen Akteur:innen, internationaler Dialog \u2026)<\/span><\/p><\/li><li style=\\\"font-weight: 400;\\\" aria-level=\\\"1\\\"><p class=\\\"_Mono\\\"><span style=\\\"font-weight: 400;\\\"><span style=\\\"text-decoration: underline;\\\">Schriftliche Auseinandersetzung mit den diesj\u00e4hrigen Themenschwerpunkten<\/span>\u00a0\u201eGROWING ROOTS \u2013 SHAPING SPACES\u201c, also den Urspr\u00fcngen &amp; R\u00e4umen der Berliner Clubkultur\u00a0<\/span><\/p><\/li><\/ul>\",\r\n      \"align\": \"top\",\r\n      \"row\": 1,\r\n      \"col\": 0,\r\n      \"colspan\": 5,\r\n      \"offsetx\": 0,\r\n      \"offsety\": 0,\r\n      \"spaceabove\": 0,\r\n      \"spacebelow\": 0,\r\n      \"yvel\": 1,\r\n      \"push\": 0,\r\n      \"relid\": 8\r\n    },\r\n    {\r\n      \"type\": \"text\",\r\n      \"cont\": \"<p class=\\\"_Default\\\">Bewerbungsunterlagen<\/p><p class=\\\"_Mono\\\"><span style=\\\"font-weight: 400;\\\">F\u00fcr die Bewerbung zur Teilnahme am TAG DER CLUBKULTUR sind folgende Angaben erforderlich, die mit entsprechenden Nachweisen (Links, Fotos, Videos, Medienberichten, etc) belegt werden m\u00fcssen:<\/span><\/p><p class=\\\"_Mono\\\">\u00a0<\/p><p class=\\\"_Mono\\\"><span style=\\\"text-decoration: underline;\\\"><span style=\\\"font-weight: 400;\\\">1. Kurzvorstellung \/ Darstellung des k\u00fcnstlerischen Profils<\/span><\/span><\/p><p class=\\\"_Mono\\\">\u00a0<\/p><p class=\\\"_Mono\\\">Wer sind wir? Wie lange gibt es uns? Was macht uns aus? Wof\u00fcr stehen wir? Welche Bedeutung haben wir f\u00fcr die Berliner Clubkultur?<\/p><p class=\\\"_Mono\\\">\u00a0<\/p><p class=\\\"_Mono\\\"><span style=\\\"text-decoration: underline;\\\"><span style=\\\"font-weight: 400;\\\">2. Roots &amp; Spaces \u2013 Urspr\u00fcnge &amp; R\u00e4ume der Berliner Clubkultur\u00a0<\/span><\/span><\/p><p class=\\\"_Mono\\\">\u00a0<\/p><p class=\\\"_Mono\\\">Wo liegen die Urspr\u00fcnge unseres Clubs oder Kollektivs? Wie haben wir die Berliner Clubkultur mitgestaltet? Welche Bedeutung haben die R\u00e4ume, die wir schaffen? Wie stellen wir sicher, dass unsere R\u00e4ume auch in Zukunft erhalten bleiben?<\/p><p class=\\\"_Mono\\\">\u00a0<\/p><p class=\\\"_Mono\\\"><span style=\\\"font-weight: 400;\\\">Beispiele:<\/span><\/p><ul><li style=\\\"font-weight: 400;\\\" aria-level=\\\"1\\\"><p class=\\\"_Mono\\\"><span style=\\\"font-weight: 400;\\\">Wie gestaltet wir unsere R\u00e4ume mit Fokus auf eure Communitys?<\/span><\/p><\/li><li style=\\\"font-weight: 400;\\\" aria-level=\\\"1\\\"><p class=\\\"_Mono\\\"><span style=\\\"font-weight: 400;\\\">Wie haben sich unsere R\u00e4ume von Gr\u00fcndung bis heute weiterentwickelt?<\/span><\/p><\/li><li style=\\\"font-weight: 400;\\\" aria-level=\\\"1\\\"><p class=\\\"_Mono\\\"><span style=\\\"font-weight: 400;\\\">Wo liegen die Urspr\u00fcnge unseres Clubs oder Kollektivs?\u00a0<\/span><\/p><\/li><li style=\\\"font-weight: 400;\\\" aria-level=\\\"1\\\"><p class=\\\"_Mono\\\"><span style=\\\"font-weight: 400;\\\">Was sind unsere Grundpfeiler und Werte?\u00a0<\/span><\/p><\/li><li style=\\\"font-weight: 400;\\\" aria-level=\\\"1\\\"><p class=\\\"_Mono\\\"><span style=\\\"font-weight: 400;\\\">Wer und was haben uns gepr\u00e4gt?\u00a0<\/span><\/p><\/li><li style=\\\"font-weight: 400;\\\" aria-level=\\\"1\\\"><p class=\\\"_Mono\\\"><span style=\\\"font-weight: 400;\\\">Wie gestalten wir gestern und heute die Berliner Clubkultur mit?\u00a0<\/span><\/p><\/li><li style=\\\"font-weight: 400;\\\" aria-level=\\\"1\\\"><p class=\\\"_Mono\\\"><span style=\\\"font-weight: 400;\\\">Welche Bedeutung haben die R\u00e4ume, die wir schaffen?\u00a0<\/span><\/p><\/li><li style=\\\"font-weight: 400;\\\" aria-level=\\\"1\\\"><p class=\\\"_Mono\\\"><span style=\\\"font-weight: 400;\\\">Was bedeuten die R\u00e4ume, in denen wir schaffen, f\u00fcr uns und die Entwicklung der Stadt?<\/span><\/p><\/li><li style=\\\"font-weight: 400;\\\" aria-level=\\\"1\\\"><p class=\\\"_Mono\\\"><span style=\\\"font-weight: 400;\\\">\u2026<\/span><\/p><\/li><\/ul><p class=\\\"_Mono\\\">\u00a0<\/p><p class=\\\"_Mono\\\"><span style=\\\"text-decoration: underline;\\\"><span style=\\\"font-weight: 400;\\\">3. Veranstaltungsprogramm f\u00fcr einen Showcase im Rahmen des TAGS DER CLUBKULTUR zwischen 3. und 9. Oktober 2022<\/span><\/span><\/p><p class=\\\"_Mono\\\">\u00a0<\/p><p class=\\\"_Mono\\\">Wie sieht eure Veranstaltung aus, die als Beitrag f\u00fcr den TAG DER CLUBKULTUR zwischen dem 3. und 9. Oktober durchf\u00fchren m\u00f6chtet?<\/p><p class=\\\"_Mono\\\">\u00a0<\/p><p class=\\\"_Mono\\\"><span style=\\\"font-weight: 400;\\\">Jeder Club und jedes Kollektiv veranstaltet selbst, in Eigenverantwortung und unter aktuellen Hygieneauflagen einen Programmbeitrag f\u00fcr den TAG DER CLUBKULTUR zwischen dem 3. und 9. Oktober 2022. Die Form und der Umfang ist dabei v\u00f6llig frei w\u00e4hlbar. Bitte achtet darauf, dass die Eintrittspreise f\u00fcr eure Veranstaltung je nach Format so gestaltet werden, dass der Zugang zu den Veranstaltungen f\u00fcr m\u00f6glichst viele Menschen m\u00f6glich ist.<\/span><\/p><p>\u00a0<\/p><p class=\\\"_Mono\\\">W\u00e4hrend in den vergangenen zwei Jahren alle Veranstaltungen am 3. Oktober stattgefunden haben, wird der Veranstaltungszeitraum f\u00fcr den TAG DER CLUBKULTUR in diesem Jahr auf eine ganze Woche ausgeweitet.<\/p><p>\u00a0<\/p><p class=\\\"_Mono\\\">Damit alle Veranstaltungen gen\u00fcgend Raum und Aufmerksamkeit bekommen und der TAG DER CLUBKULTUR \u00fcber die ganze Woche vom 3.- 9. Oktober 2022 erfahrbar wird, sind alle Bewerber:innen dazu ermutigt, auch Veranstaltungen an den anderen Tagen in der Woche zu planen. Seid kreativ, alle Veranstaltungsformate und Ideen sind m\u00f6glich. Den Zeitplan wird das TAG DER CLUBKULTUR Team gemeinsam mit allen Ausgezeichneten entwickeln und dabei nat\u00fcrlich eure Verf\u00fcgbarkeiten ber\u00fccksichtigen.<\/p><p class=\\\"_Mono\\\"><br \/><br \/><\/p><p class=\\\"_Mono\\\"><span style=\\\"text-decoration: underline;\\\"><span style=\\\"font-weight: 400;\\\">4. Darstellung und Nachweis der Organisationsstruktur, woraus u.a. Bewerber:in sowie Empf\u00e4nger:in der Auszeichnung ersichtlich werden<\/span><\/span><\/p><p class=\\\"_Mono\\\">\u00a0<\/p><p class=\\\"_Mono\\\"><b>Seid ihr ein Verein, eine GmbH, eine UG o.\u00c4.? Wie lange seid ihr schon in Berlin aktiv? Bitte reicht einen Nachweis dar\u00fcber sowie die Kontodaten eurer Organisation ein.<\/b><\/p><p class=\\\"_Mono\\\">\u00a0<\/p><p class=\\\"_Mono\\\">Bitte reicht eure gesamte Bewerbung als PDF-Format ein. Wenn Videos oder andere nicht textbasierte Inhalte Teil der Bewerbung sind, verlinkt diese bitte dort.\u00a0<\/p><p class=\\\"_Mono\\\">\u00a0<\/p><p class=\\\"_Mono\\\">Eure Bewerbung k\u00f6nnt ihr sp\u00e4testens bis zum 15. August 2022, 24:00 Uhr \u00fcber das Online-Formular unter www.tagderclubkultur.berlin einreichen. Nachreichungen k\u00f6nnen aus Gr\u00fcnden der Gleichbehandlung nicht zugelassen werden.<\/p><p class=\\\"_Mono\\\">\u00a0<\/p><p class=\\\"_Mono\\\">Weitere Informationen und Details findet ihr in den <a href=\\\"https:\/\/2022.tagderclubkultur.berlin\/bewerbung\/\\\">FAQs<\/a>. Schickt eure Fragen zum TAG DER CLUBKULTUR bitte an info@tagderclubkultur.berlin\u00a0<\/p><p class=\\\"_Mono\\\"><br style=\\\"font-weight: 400;\\\" \/><br style=\\\"font-weight: 400;\\\" \/><br \/><\/p>\",\r\n      \"align\": \"top\",\r\n      \"row\": 1,\r\n      \"col\": 5,\r\n      \"colspan\": 5,\r\n      \"offsetx\": 0,\r\n      \"offsety\": 0,\r\n      \"spaceabove\": 0,\r\n      \"spacebelow\": 0,\r\n      \"yvel\": 1,\r\n      \"push\": 0,\r\n      \"relid\": 9,\r\n      \"frameOverflow\": \"\"\r\n    }\r\n  ]\r\n}","phonegrid":"","_links":{"self":[{"href":"https:\/\/2022.tagderclubkultur.berlin\/en\/wp-json\/wp\/v2\/pages\/43","targetHints":{"allow":["GET"]}}],"collection":[{"href":"https:\/\/2022.tagderclubkultur.berlin\/en\/wp-json\/wp\/v2\/pages"}],"about":[{"href":"https:\/\/2022.tagderclubkultur.berlin\/en\/wp-json\/wp\/v2\/types\/page"}],"author":[{"embeddable":true,"href":"https:\/\/2022.tagderclubkultur.berlin\/en\/wp-json\/wp\/v2\/users\/1"}],"replies":[{"embeddable":true,"href":"https:\/\/2022.tagderclubkultur.berlin\/en\/wp-json\/wp\/v2\/comments?post=43"}],"version-history":[{"count":0,"href":"https:\/\/2022.tagderclubkultur.berlin\/en\/wp-json\/wp\/v2\/pages\/43\/revisions"}],"wp:attachment":[{"href":"https:\/\/2022.tagderclubkultur.berlin\/en\/wp-json\/wp\/v2\/media?parent=43"}],"curies":[{"name":"wp","href":"https:\/\/api.w.org\/{rel}","templated":true}]}}