{"id":96,"date":"2021-07-20T14:58:20","date_gmt":"2020-08-25T19:45:50","guid":{"rendered":"https:\/\/tagderclubkultur.berlin\/kuratorium-2\/"},"modified":"2022-08-10T12:06:09","modified_gmt":"2022-08-10T12:06:09","slug":"kuratorium","status":"publish","type":"page","link":"https:\/\/2022.tagderclubkultur.berlin\/en\/kuratorium\/","title":{"rendered":"Board of Trustees"},"content":{"rendered":"","protected":false},"excerpt":{"rendered":"","protected":false},"author":1,"featured_media":0,"parent":0,"menu_order":13,"comment_status":"closed","ping_status":"closed","template":"","meta":{"inline_featured_image":false},"class_list":["post-96","page","type-page","status-publish","hentry"],"yoast_head":"<!-- This site is optimized with the Yoast SEO plugin v27.4 - https:\/\/yoast.com\/product\/yoast-seo-wordpress\/ -->\n<title>Kuratorium - TAG DER CLUBKULTUR<\/title>\n<meta name=\"robots\" content=\"index, follow, max-snippet:-1, max-image-preview:large, max-video-preview:-1\" \/>\n<link rel=\"canonical\" href=\"https:\/\/2022.tagderclubkultur.berlin\/en\/kuratorium\/\" \/>\n<meta property=\"og:locale\" content=\"de_DE\" \/>\n<meta property=\"og:type\" content=\"article\" \/>\n<meta property=\"og:title\" content=\"Kuratorium - TAG DER CLUBKULTUR\" \/>\n<meta property=\"og:url\" content=\"https:\/\/2022.tagderclubkultur.berlin\/en\/kuratorium\/\" \/>\n<meta property=\"og:site_name\" content=\"TAG DER CLUBKULTUR\" \/>\n<meta property=\"article:modified_time\" content=\"2022-08-10T12:06:09+00:00\" \/>\n<meta name=\"twitter:card\" content=\"summary_large_image\" \/>\n<script type=\"application\/ld+json\" class=\"yoast-schema-graph\">{\"@context\":\"https:\\\/\\\/schema.org\",\"@graph\":[{\"@type\":\"WebPage\",\"@id\":\"https:\\\/\\\/2022.tagderclubkultur.berlin\\\/en\\\/kuratorium\\\/\",\"url\":\"https:\\\/\\\/2022.tagderclubkultur.berlin\\\/en\\\/kuratorium\\\/\",\"name\":\"Kuratorium - TAG DER CLUBKULTUR\",\"isPartOf\":{\"@id\":\"https:\\\/\\\/2022.tagderclubkultur.berlin\\\/#website\"},\"datePublished\":\"2020-08-25T19:45:50+00:00\",\"dateModified\":\"2022-08-10T12:06:09+00:00\",\"breadcrumb\":{\"@id\":\"https:\\\/\\\/2022.tagderclubkultur.berlin\\\/en\\\/kuratorium\\\/#breadcrumb\"},\"inLanguage\":\"de\",\"potentialAction\":[{\"@type\":\"ReadAction\",\"target\":[\"https:\\\/\\\/2022.tagderclubkultur.berlin\\\/en\\\/kuratorium\\\/\"]}]},{\"@type\":\"BreadcrumbList\",\"@id\":\"https:\\\/\\\/2022.tagderclubkultur.berlin\\\/en\\\/kuratorium\\\/#breadcrumb\",\"itemListElement\":[{\"@type\":\"ListItem\",\"position\":1,\"name\":\"Home\",\"item\":\"https:\\\/\\\/2022.tagderclubkultur.berlin\\\/\"},{\"@type\":\"ListItem\",\"position\":2,\"name\":\"Kuratorium\"}]},{\"@type\":\"WebSite\",\"@id\":\"https:\\\/\\\/2022.tagderclubkultur.berlin\\\/#website\",\"url\":\"https:\\\/\\\/2022.tagderclubkultur.berlin\\\/\",\"name\":\"TAG DER CLUBKULTUR\",\"description\":\"\",\"potentialAction\":[{\"@type\":\"SearchAction\",\"target\":{\"@type\":\"EntryPoint\",\"urlTemplate\":\"https:\\\/\\\/2022.tagderclubkultur.berlin\\\/?s={search_term_string}\"},\"query-input\":{\"@type\":\"PropertyValueSpecification\",\"valueRequired\":true,\"valueName\":\"search_term_string\"}}],\"inLanguage\":\"de\"}]}<\/script>\n<!-- \/ Yoast SEO plugin. -->","yoast_head_json":{"title":"Kuratorium - TAG DER CLUBKULTUR","robots":{"index":"index","follow":"follow","max-snippet":"max-snippet:-1","max-image-preview":"max-image-preview:large","max-video-preview":"max-video-preview:-1"},"canonical":"https:\/\/2022.tagderclubkultur.berlin\/en\/kuratorium\/","og_locale":"de_DE","og_type":"article","og_title":"Kuratorium - TAG DER CLUBKULTUR","og_url":"https:\/\/2022.tagderclubkultur.berlin\/en\/kuratorium\/","og_site_name":"TAG DER CLUBKULTUR","article_modified_time":"2022-08-10T12:06:09+00:00","twitter_card":"summary_large_image","schema":{"@context":"https:\/\/schema.org","@graph":[{"@type":"WebPage","@id":"https:\/\/2022.tagderclubkultur.berlin\/en\/kuratorium\/","url":"https:\/\/2022.tagderclubkultur.berlin\/en\/kuratorium\/","name":"Kuratorium - TAG DER CLUBKULTUR","isPartOf":{"@id":"https:\/\/2022.tagderclubkultur.berlin\/#website"},"datePublished":"2020-08-25T19:45:50+00:00","dateModified":"2022-08-10T12:06:09+00:00","breadcrumb":{"@id":"https:\/\/2022.tagderclubkultur.berlin\/en\/kuratorium\/#breadcrumb"},"inLanguage":"de","potentialAction":[{"@type":"ReadAction","target":["https:\/\/2022.tagderclubkultur.berlin\/en\/kuratorium\/"]}]},{"@type":"BreadcrumbList","@id":"https:\/\/2022.tagderclubkultur.berlin\/en\/kuratorium\/#breadcrumb","itemListElement":[{"@type":"ListItem","position":1,"name":"Home","item":"https:\/\/2022.tagderclubkultur.berlin\/"},{"@type":"ListItem","position":2,"name":"Kuratorium"}]},{"@type":"WebSite","@id":"https:\/\/2022.tagderclubkultur.berlin\/#website","url":"https:\/\/2022.tagderclubkultur.berlin\/","name":"TAG DER CLUBKULTUR","description":"","potentialAction":[{"@type":"SearchAction","target":{"@type":"EntryPoint","urlTemplate":"https:\/\/2022.tagderclubkultur.berlin\/?s={search_term_string}"},"query-input":{"@type":"PropertyValueSpecification","valueRequired":true,"valueName":"search_term_string"}}],"inLanguage":"de"}]}},"grid":"{\r\n  \"colCount\": 10,\r\n  \"colGutter\": 1,\r\n  \"rowGutters\": [\r\n    5,\r\n    5,\r\n    5,\r\n    5\r\n  ],\r\n  \"frameMargin\": 1,\r\n  \"topFrameMargin\": 200,\r\n  \"bottomFrameMargin\": 5,\r\n  \"rowAttrs\": [\r\n    {},\r\n    {},\r\n    {},\r\n    {},\r\n    {}\r\n  ],\r\n  \"bgColor\": null,\r\n  \"cont\": [\r\n    {\r\n      \"type\": \"text\",\r\n      \"cont\": \"<p class=\\\"_BIG\\\">Kuratorium<\/p>\",\r\n      \"align\": \"top\",\r\n      \"row\": 0,\r\n      \"col\": 0,\r\n      \"colspan\": 5,\r\n      \"offsetx\": 0,\r\n      \"offsety\": 0,\r\n      \"spaceabove\": 0,\r\n      \"spacebelow\": 0,\r\n      \"yvel\": 1,\r\n      \"push\": 0,\r\n      \"relid\": 13\r\n    },\r\n    {\r\n      \"type\": \"text\",\r\n      \"cont\": \"<p class=\\\"_Mono\\\">\u00dcber die im Rahmen des TAG DER CLUBKULTUR vergebenen Preise entscheidet ein unabh\u00e4ngiges Kuratorium, das die vielseitigen Perspektiven der Berliner Clubkultur widerspiegelt. Dieses ordnet die Bewerbungen kulturell, inhaltlich und k\u00fcnstlerisch ein und entscheidet gemeinsam unter Ber\u00fccksichtigung des diesj\u00e4hrigen thematischen Fokus, welche Clubs und Kollektive die Auszeichnung erhalten. Die Mitglieder des Kuratoriums enthalten sich bei Entscheidungen, die Clubs oder Kollektive betreffen, in denen sie selbst aktiv oder involviert sind, um eine unabh\u00e4ngige Bewertung zu gew\u00e4hrleisten.<\/p>\",\r\n      \"align\": \"top\",\r\n      \"row\": 1,\r\n      \"col\": 0,\r\n      \"colspan\": 5,\r\n      \"offsetx\": 0,\r\n      \"offsety\": 0,\r\n      \"spaceabove\": 0,\r\n      \"spacebelow\": 0,\r\n      \"yvel\": 1,\r\n      \"push\": 0,\r\n      \"relid\": 10\r\n    },\r\n    {\r\n      \"type\": \"stack\",\r\n      \"cont\": [\r\n        {\r\n          \"type\": \"img\",\r\n          \"cont\": \"\/wp-content\/uploads\/sites\/20\/2022\/07\/220720_TDC_Web_V1-1.png\",\r\n          \"align\": \"top\",\r\n          \"row\": -1,\r\n          \"col\": 0,\r\n          \"colspan\": 5,\r\n          \"offsetx\": 0,\r\n          \"offsety\": 0,\r\n          \"spaceabove\": 0,\r\n          \"spacebelow\": 0,\r\n          \"yvel\": 1,\r\n          \"push\": 0,\r\n          \"relid\": 150,\r\n          \"attid\": 826,\r\n          \"sizes\": {\r\n            \"full\": \"\/wp-content\/uploads\/sites\/20\/2022\/07\/220720_TDC_Web_V1-1.png\",\r\n            \"_1280\": \"\/wp-content\/uploads\/sites\/20\/2022\/07\/220720_TDC_Web_V1-1-1280x768.png\",\r\n            \"_1024\": \"\/wp-content\/uploads\/sites\/20\/2022\/07\/220720_TDC_Web_V1-1-1024x614.png\",\r\n            \"_768\": \"\/wp-content\/uploads\/sites\/20\/2022\/07\/220720_TDC_Web_V1-1-768x461.png\",\r\n            \"_512\": \"\/wp-content\/uploads\/sites\/20\/2022\/07\/220720_TDC_Web_V1-1-512x307.png\",\r\n            \"_265\": \"\/wp-content\/uploads\/sites\/20\/2022\/07\/220720_TDC_Web_V1-1-265x159.png\"\r\n          },\r\n          \"w\": 1389,\r\n          \"h\": 833,\r\n          \"ar\": 0.599712023038157,\r\n          \"alt\": \"\"\r\n        },\r\n        {\r\n          \"type\": \"text\",\r\n          \"cont\": \"<p class=\\\"_Default\\\">CHRISTINE KAKAIRE<\/p><p class=\\\"_Mono\\\"><span style=\\\"font-weight: 400;\\\">Christine Kakaire (sie\/ihr) ist eine australische Kulturjournalistin. Sie arbeitet schon ihr ganzes Leben in Musik und Kultur, zwischen unabh\u00e4ngiger Musik-PR in Sydney und Melbourne, Vinyl-Plattenl\u00e4den und Musik-Download-Plattformen in London und Content-Kuration, Journalismus und Hochschulbildung in Berlin. Christines Texte wurden unter anderem von Ableton, Boiler Room, Crack, Groove, Pitchfork und Resident Advisor ver\u00f6ffentlicht. Als erfahrene Moderatorin hat sie in Filmen, Podcasts und bei Live-Events das Gespr\u00e4ch gesucht. Christine ist Mitglied im Redaktionsteam des CTM - Festival for Adventurous Music in Berlin, Dozentin f\u00fcr Kulturtheorie und popul\u00e4re Musik am BIMM Institute und leitet die Black Creative Database.<\/span><\/p>\",\r\n          \"align\": \"top\",\r\n          \"row\": -1,\r\n          \"col\": 0,\r\n          \"colspan\": 5,\r\n          \"offsetx\": 0,\r\n          \"offsety\": 0,\r\n          \"spaceabove\": 2.5,\r\n          \"spacebelow\": 0,\r\n          \"yvel\": 1,\r\n          \"push\": 0,\r\n          \"relid\": 11\r\n        }\r\n      ],\r\n      \"align\": \"top\",\r\n      \"row\": 2,\r\n      \"col\": 0,\r\n      \"colspan\": 5,\r\n      \"offsetx\": 0,\r\n      \"offsety\": 0,\r\n      \"spaceabove\": 0,\r\n      \"spacebelow\": 0,\r\n      \"yvel\": 1,\r\n      \"push\": 0,\r\n      \"relid\": 9\r\n    },\r\n    {\r\n      \"type\": \"stack\",\r\n      \"cont\": [\r\n        {\r\n          \"type\": \"img\",\r\n          \"cont\": \"\/wp-content\/uploads\/sites\/20\/2022\/07\/220720_TDC_Web_V14.png\",\r\n          \"align\": \"top\",\r\n          \"row\": -1,\r\n          \"col\": 0,\r\n          \"colspan\": 5,\r\n          \"offsetx\": 0,\r\n          \"offsety\": 0,\r\n          \"spaceabove\": 0,\r\n          \"spacebelow\": 0,\r\n          \"yvel\": 1,\r\n          \"push\": 0,\r\n          \"relid\": 1413,\r\n          \"attid\": 830,\r\n          \"sizes\": {\r\n            \"full\": \"\/wp-content\/uploads\/sites\/20\/2022\/07\/220720_TDC_Web_V14.png\",\r\n            \"_1280\": \"\/wp-content\/uploads\/sites\/20\/2022\/07\/220720_TDC_Web_V14-1280x768.png\",\r\n            \"_1024\": \"\/wp-content\/uploads\/sites\/20\/2022\/07\/220720_TDC_Web_V14-1024x614.png\",\r\n            \"_768\": \"\/wp-content\/uploads\/sites\/20\/2022\/07\/220720_TDC_Web_V14-768x461.png\",\r\n            \"_512\": \"\/wp-content\/uploads\/sites\/20\/2022\/07\/220720_TDC_Web_V14-512x307.png\",\r\n            \"_265\": \"\/wp-content\/uploads\/sites\/20\/2022\/07\/220720_TDC_Web_V14-265x159.png\"\r\n          },\r\n          \"w\": 1389,\r\n          \"h\": 833,\r\n          \"ar\": 0.599712023038157,\r\n          \"alt\": \"\"\r\n        },\r\n        {\r\n          \"type\": \"text\",\r\n          \"cont\": \"<p class=\\\"_Default\\\">PRINCE EMRAH<\/p><p class=\\\"_Mono\\\"><span style=\\\"font-weight: 400;\\\">Prince Emrah (sie\/ihr\/er\/ihm) ist professionelle:r Baucht\u00e4nzer:in, Tanztrainer:in, Beauty- und Wellness-Student:in, Visagist:in, DJ und gelegentliche Dragqueen. Er ist kurdischer und aserbaidschanischer Abstammung und fl\u00fcchtete vor ein paar Jahren von Turkmenistan nach Berlin. Emrah ist die Mutter von House of Royals und deren K\u00fcnstlerkollektiv QueerBerg, die einen Raum f\u00fcr BIPoC LGBTQIA+ Asylsuchende und Gefl\u00fcchtete aus L\u00e4ndern wie Syrien, Pal\u00e4stina, Malaysia, Libyen, \u0130ran und der T\u00fcrkei anbieten. Nach ihrer Ankunft steckte Emrah all seine Energie in die Moderation der Black &amp; Brown Cabaret Show, des Whoriental Festivals und von QueerBerg-Soli-Veranstaltungen. Seitdem hat sie sich eine beachtliche k\u00fcnstlerische Karriere in der Berliner Performance-Kunstszene und dar\u00fcber hinaus aufgebaut.<\/span><\/p>\",\r\n          \"align\": \"top\",\r\n          \"row\": -1,\r\n          \"col\": 0,\r\n          \"colspan\": 5,\r\n          \"offsetx\": 0,\r\n          \"offsety\": 0,\r\n          \"spaceabove\": 2.5,\r\n          \"spacebelow\": 0,\r\n          \"yvel\": 1,\r\n          \"push\": 0,\r\n          \"relid\": 25\r\n        }\r\n      ],\r\n      \"align\": \"top\",\r\n      \"row\": 2,\r\n      \"col\": 5,\r\n      \"colspan\": 5,\r\n      \"offsetx\": 0,\r\n      \"offsety\": 0,\r\n      \"spaceabove\": 0,\r\n      \"spacebelow\": 0,\r\n      \"yvel\": 1,\r\n      \"push\": 0,\r\n      \"relid\": 24\r\n    },\r\n    {\r\n      \"type\": \"stack\",\r\n      \"cont\": [\r\n        {\r\n          \"type\": \"img\",\r\n          \"cont\": \"\/wp-content\/uploads\/sites\/20\/2022\/07\/220720_TDC_Web_V12.png\",\r\n          \"align\": \"top\",\r\n          \"row\": -1,\r\n          \"col\": 0,\r\n          \"colspan\": 5,\r\n          \"offsetx\": 0,\r\n          \"offsety\": 0,\r\n          \"spaceabove\": 0,\r\n          \"spacebelow\": 0,\r\n          \"yvel\": 1,\r\n          \"push\": 0,\r\n          \"relid\": 945,\r\n          \"attid\": 827,\r\n          \"sizes\": {\r\n            \"full\": \"\/wp-content\/uploads\/sites\/20\/2022\/07\/220720_TDC_Web_V12.png\",\r\n            \"_1280\": \"\/wp-content\/uploads\/sites\/20\/2022\/07\/220720_TDC_Web_V12-1280x768.png\",\r\n            \"_1024\": \"\/wp-content\/uploads\/sites\/20\/2022\/07\/220720_TDC_Web_V12-1024x614.png\",\r\n            \"_768\": \"\/wp-content\/uploads\/sites\/20\/2022\/07\/220720_TDC_Web_V12-768x461.png\",\r\n            \"_512\": \"\/wp-content\/uploads\/sites\/20\/2022\/07\/220720_TDC_Web_V12-512x307.png\",\r\n            \"_265\": \"\/wp-content\/uploads\/sites\/20\/2022\/07\/220720_TDC_Web_V12-265x159.png\"\r\n          },\r\n          \"w\": 1389,\r\n          \"h\": 833,\r\n          \"ar\": 0.599712023038157,\r\n          \"alt\": \"\"\r\n        },\r\n        {\r\n          \"type\": \"text\",\r\n          \"cont\": \"<p class=\\\"_Default\\\">LILIA VAN BEUKERING<\/p><p class=\\\"_Mono\\\"><span style=\\\"font-weight: 400;\\\">Lilia van Beukering (sie\/ihr) ist Kulturmanagerin und DJ mit niederl\u00e4ndischen und russischen Wurzeln. Nachdem sie Kulturmanagement und Kunsthandel am ICART Paris studiert hatte, zog sie 2015 nach Berlin und arbeitete zun\u00e4chst in Booking- und PR-Agenturen, bevor sie 2022 Teil des Booking-, Projekt- und Partnerschaftsteams beim Revier S\u00fcdost (RSO) wurde. Anfang 2020 kaufte sie sich altes DJ-Equipment und brachte sich selbst das Mixen bei. Nachdem sie sich entschlossen hatte, als Dangermami von der Tanzfl\u00e4che in die DJ-Kabine zu wechseln, gr\u00fcndete sie das Mentoring-Programm Femme Bass Mafia, um anderen weiblichen und nicht-bin\u00e4ren DJs zu helfen, ihre Karrieren zu starten.<\/span><\/p>\",\r\n          \"align\": \"top\",\r\n          \"row\": -1,\r\n          \"col\": 0,\r\n          \"colspan\": 5,\r\n          \"offsetx\": 0,\r\n          \"offsety\": 0,\r\n          \"spaceabove\": 2.5,\r\n          \"spacebelow\": 0,\r\n          \"yvel\": 1,\r\n          \"push\": 0,\r\n          \"relid\": 29\r\n        }\r\n      ],\r\n      \"align\": \"top\",\r\n      \"row\": 3,\r\n      \"col\": 0,\r\n      \"colspan\": 5,\r\n      \"offsetx\": 0,\r\n      \"offsety\": 0,\r\n      \"spaceabove\": 0,\r\n      \"spacebelow\": 0,\r\n      \"yvel\": 1,\r\n      \"push\": 0,\r\n      \"relid\": 26\r\n    },\r\n    {\r\n      \"type\": \"stack\",\r\n      \"cont\": [\r\n        {\r\n          \"type\": \"img\",\r\n          \"cont\": \"\/wp-content\/uploads\/sites\/20\/2022\/07\/220720_TDC_Web_V13.png\",\r\n          \"align\": \"top\",\r\n          \"row\": -1,\r\n          \"col\": 0,\r\n          \"colspan\": 5,\r\n          \"offsetx\": 0,\r\n          \"offsety\": 0,\r\n          \"spaceabove\": 0,\r\n          \"spacebelow\": 0,\r\n          \"yvel\": 1,\r\n          \"push\": 0,\r\n          \"relid\": 1173,\r\n          \"attid\": 828,\r\n          \"sizes\": {\r\n            \"full\": \"\/wp-content\/uploads\/sites\/20\/2022\/07\/220720_TDC_Web_V13.png\",\r\n            \"_1280\": \"\/wp-content\/uploads\/sites\/20\/2022\/07\/220720_TDC_Web_V13-1280x768.png\",\r\n            \"_1024\": \"\/wp-content\/uploads\/sites\/20\/2022\/07\/220720_TDC_Web_V13-1024x614.png\",\r\n            \"_768\": \"\/wp-content\/uploads\/sites\/20\/2022\/07\/220720_TDC_Web_V13-768x461.png\",\r\n            \"_512\": \"\/wp-content\/uploads\/sites\/20\/2022\/07\/220720_TDC_Web_V13-512x307.png\",\r\n            \"_265\": \"\/wp-content\/uploads\/sites\/20\/2022\/07\/220720_TDC_Web_V13-265x159.png\"\r\n          },\r\n          \"w\": 1389,\r\n          \"h\": 833,\r\n          \"ar\": 0.599712023038157,\r\n          \"alt\": \"\"\r\n        },\r\n        {\r\n          \"type\": \"text\",\r\n          \"cont\": \"<p class=\\\"_Default\\\">NICO ADOMAKO<\/p><p class=\\\"_Mono\\\"><span style=\\\"font-weight: 400;\\\">Nico Adomako (er\/ihm) ist ein in Berlin und Accra lebender, transdisziplin\u00e4rer K\u00fcnstler, DJ, Kurator und Programmierer. Er ist in verschiedenen Formen sozialer und kultureller Veranstaltungen aktiv und hat eine global ausgerichtete, reichhaltige neue Perspektive auf die Musik- und Kunstszene in Berlin und Accra aufgebaut, mit der er seine Community best\u00e4rkt und f\u00f6rdert. Nico ist Mitbegr\u00fcnder des ghanaischen Online-Radiosenders Oroko Radio und des Berliner DJ-Kollektivs Einhundert, mit dem er Veranstaltungen, Clubn\u00e4chte, Ausstellungen und Konzerte auf globaler Ebene von Berlin und New York bis Hongkong, Accra, Tokio, Paris und Los Angeles organisiert.<\/span><\/p>\",\r\n          \"align\": \"middle\",\r\n          \"row\": -1,\r\n          \"col\": 0,\r\n          \"colspan\": 5,\r\n          \"offsetx\": 0,\r\n          \"offsety\": 0,\r\n          \"spaceabove\": 2.5,\r\n          \"spacebelow\": 0,\r\n          \"yvel\": 1,\r\n          \"push\": 0,\r\n          \"relid\": 30\r\n        }\r\n      ],\r\n      \"align\": \"top\",\r\n      \"row\": 3,\r\n      \"col\": 5,\r\n      \"colspan\": 5,\r\n      \"offsetx\": 0,\r\n      \"offsety\": 0,\r\n      \"spaceabove\": 0,\r\n      \"spacebelow\": 0,\r\n      \"yvel\": 1,\r\n      \"push\": 0,\r\n      \"relid\": 27\r\n    },\r\n    {\r\n      \"type\": \"stack\",\r\n      \"cont\": [\r\n        {\r\n          \"type\": \"img\",\r\n          \"cont\": \"\/wp-content\/uploads\/sites\/20\/2022\/08\/220720_TDC_Web_V16.png\",\r\n          \"align\": \"middle\",\r\n          \"row\": -1,\r\n          \"col\": 0,\r\n          \"colspan\": 5,\r\n          \"offsetx\": 0,\r\n          \"offsety\": 0,\r\n          \"spaceabove\": 0,\r\n          \"spacebelow\": 0,\r\n          \"yvel\": 1,\r\n          \"push\": 0,\r\n          \"relid\": 2633,\r\n          \"attid\": 845,\r\n          \"sizes\": {\r\n            \"full\": \"\/wp-content\/uploads\/sites\/20\/2022\/08\/220720_TDC_Web_V16.png\",\r\n            \"_1280\": \"\/wp-content\/uploads\/sites\/20\/2022\/08\/220720_TDC_Web_V16-1280x768.png\",\r\n            \"_1024\": \"\/wp-content\/uploads\/sites\/20\/2022\/08\/220720_TDC_Web_V16-1024x614.png\",\r\n            \"_768\": \"\/wp-content\/uploads\/sites\/20\/2022\/08\/220720_TDC_Web_V16-768x461.png\",\r\n            \"_512\": \"\/wp-content\/uploads\/sites\/20\/2022\/08\/220720_TDC_Web_V16-512x307.png\",\r\n            \"_265\": \"\/wp-content\/uploads\/sites\/20\/2022\/08\/220720_TDC_Web_V16-265x159.png\"\r\n          },\r\n          \"w\": 1389,\r\n          \"h\": 833,\r\n          \"ar\": 0.599712023038157,\r\n          \"alt\": \"\"\r\n        },\r\n        {\r\n          \"type\": \"text\",\r\n          \"cont\": \"<p class=\\\"_Default\\\">Cinthie<\/p><p class=\\\"_Mono\\\"><span style=\\\"font-weight: 400;\\\">Cinthie (sie\/ihr) ist DJ und Produzentin sowie Inhaberin des Plattenlabels 803 Crystal Grooves, seiner Sublabels Collective Cuts und we_r house und des Plattenladens Elevate. Schon als Teenager hat sie in den fr\u00fchen 90er Jahren mit dem Auflegen angefangen. Das umfassende Wissen, das Cinthie sich seitdem angeeignet hat, kommt in ihren ausgedehnten, auf Vinyl fokussierten Sets und Produktionen zum Vorschein, die ein gro\u00dfes Repertoire an klassischen und zeitgen\u00f6ssischen Sounds umfassen und ein breites Spektrum elektronischer Musik abdecken. Als Produzentin hat Cinthie ihren Stil und Sound in den letzten f\u00fcnf Jahren verfeinert und neben modernem Equipment eine umfangreiche Sammlung von Vintage-Synthesizern und -Drum-Machines aufgebaut.<\/span><\/p>\",\r\n          \"align\": \"top\",\r\n          \"row\": -1,\r\n          \"col\": 0,\r\n          \"colspan\": 5,\r\n          \"offsetx\": 0,\r\n          \"offsety\": 0,\r\n          \"spaceabove\": 2.5,\r\n          \"spacebelow\": 0,\r\n          \"yvel\": 1,\r\n          \"push\": 0,\r\n          \"relid\": 33\r\n        }\r\n      ],\r\n      \"align\": \"middle\",\r\n      \"row\": 4,\r\n      \"col\": 0,\r\n      \"colspan\": 5,\r\n      \"offsetx\": 0,\r\n      \"offsety\": 0,\r\n      \"spaceabove\": 0,\r\n      \"spacebelow\": 0,\r\n      \"yvel\": 1,\r\n      \"push\": 0,\r\n      \"relid\": 32\r\n    }\r\n  ]\r\n}","phonegrid":"","_links":{"self":[{"href":"https:\/\/2022.tagderclubkultur.berlin\/en\/wp-json\/wp\/v2\/pages\/96","targetHints":{"allow":["GET"]}}],"collection":[{"href":"https:\/\/2022.tagderclubkultur.berlin\/en\/wp-json\/wp\/v2\/pages"}],"about":[{"href":"https:\/\/2022.tagderclubkultur.berlin\/en\/wp-json\/wp\/v2\/types\/page"}],"author":[{"embeddable":true,"href":"https:\/\/2022.tagderclubkultur.berlin\/en\/wp-json\/wp\/v2\/users\/1"}],"replies":[{"embeddable":true,"href":"https:\/\/2022.tagderclubkultur.berlin\/en\/wp-json\/wp\/v2\/comments?post=96"}],"version-history":[{"count":0,"href":"https:\/\/2022.tagderclubkultur.berlin\/en\/wp-json\/wp\/v2\/pages\/96\/revisions"}],"wp:attachment":[{"href":"https:\/\/2022.tagderclubkultur.berlin\/en\/wp-json\/wp\/v2\/media?parent=96"}],"curies":[{"name":"wp","href":"https:\/\/api.w.org\/{rel}","templated":true}]}}